{"id":6396,"date":"2026-04-28T13:50:32","date_gmt":"2026-04-28T16:50:32","guid":{"rendered":"https:\/\/baldim.mg.gov.br\/wsite\/?page_id=6396"},"modified":"2026-04-28T14:02:14","modified_gmt":"2026-04-28T17:02:14","slug":"emendas-impositivas-vereadores","status":"publish","type":"page","link":"https:\/\/baldim.mg.gov.br\/wsite\/?page_id=6396","title":{"rendered":"EMENDAS IMPOSITIVAS VEREADORES"},"content":{"rendered":"\t\t<div data-elementor-type=\"wp-page\" data-elementor-id=\"6396\" class=\"elementor elementor-6396\" data-elementor-settings=\"[]\">\n\t\t\t\t\t\t\t<div class=\"elementor-section-wrap\">\n\t\t\t\t\t\t\t<section class=\"elementor-section elementor-top-section elementor-element elementor-element-c7bc0da elementor-section-boxed elementor-section-height-default elementor-section-height-default wpr-particle-no wpr-jarallax-no wpr-parallax-no wpr-sticky-section-no\" data-id=\"c7bc0da\" data-element_type=\"section\">\n\t\t\t\t\t\t<div class=\"elementor-container elementor-column-gap-default\">\n\t\t\t\t\t<div class=\"elementor-column elementor-col-100 elementor-top-column elementor-element elementor-element-6b19317\" data-id=\"6b19317\" data-element_type=\"column\">\n\t\t\t<div class=\"elementor-widget-wrap\">\n\t\t\t\t\t\t\t\t\t<\/div>\n\t\t<\/div>\n\t\t\t\t\t\t\t<\/div>\n\t\t<\/section>\n\t\t\t\t<section class=\"elementor-section elementor-top-section elementor-element elementor-element-de71d44 elementor-section-boxed elementor-section-height-default elementor-section-height-default wpr-particle-no wpr-jarallax-no wpr-parallax-no wpr-sticky-section-no\" data-id=\"de71d44\" data-element_type=\"section\">\n\t\t\t\t\t\t<div class=\"elementor-container elementor-column-gap-default\">\n\t\t\t\t\t<div class=\"elementor-column elementor-col-100 elementor-top-column elementor-element elementor-element-4ee660e\" data-id=\"4ee660e\" data-element_type=\"column\">\n\t\t\t<div class=\"elementor-widget-wrap elementor-element-populated\">\n\t\t\t\t\t\t\t\t<div class=\"elementor-element elementor-element-44d2276 elementor-widget elementor-widget-text-editor\" data-id=\"44d2276\" data-element_type=\"widget\" data-widget_type=\"text-editor.default\">\n\t\t\t\t<div class=\"elementor-widget-container\">\n\t\t\t<style>\/*! elementor - v3.5.4 - 23-01-2022 *\/\n.elementor-widget-text-editor.elementor-drop-cap-view-stacked .elementor-drop-cap{background-color:#818a91;color:#fff}.elementor-widget-text-editor.elementor-drop-cap-view-framed .elementor-drop-cap{color:#818a91;border:3px solid;background-color:transparent}.elementor-widget-text-editor:not(.elementor-drop-cap-view-default) .elementor-drop-cap{margin-top:8px}.elementor-widget-text-editor:not(.elementor-drop-cap-view-default) .elementor-drop-cap-letter{width:1em;height:1em}.elementor-widget-text-editor .elementor-drop-cap{float:left;text-align:center;line-height:1;font-size:50px}.elementor-widget-text-editor .elementor-drop-cap-letter{display:inline-block}<\/style>\t\t\t\t<p>\u00a0<\/p><blockquote><p><span style=\"color: #000000;\"><strong>Esta p\u00e1gina re\u00fane as emendas impositivas apresentadas pelos Vereadores de Baldim ao Projeto de Lei n\u00ba 24\/2025, que estima a receita e fixa a despesa do Munic\u00edpio para o exerc\u00edcio de 2026.<\/strong><\/span><\/p><\/blockquote><hr \/><p><span style=\"color: #008000;\"><strong>Vereador Darci Barreto dos Santos<\/strong><\/span><br \/>\u2013 A\u00e7\u00f5es de servi\u00e7os p\u00fablicos de sa\u00fade: Projeto Castram\u00f3vel (castra\u00e7\u00e3o de animais do Munic\u00edpio de Baldim\/MG) \u2013 <strong>R$ 26.754,00<\/strong>.<br \/>\u2013 A\u00e7\u00f5es de servi\u00e7os p\u00fablicos de sa\u00fade: realiza\u00e7\u00e3o de exames de tomografia e resson\u00e2ncia \u2013 <strong>R$ 26.754,00<\/strong>.<br \/><a href=\"https:\/\/baldim.mg.gov.br\/wsite\/wp-content\/uploads\/2026\/04\/Emendas-Impositivas2-darci.pdf\"><strong>[Baixar Emenda Impositiva \u2013 PDF]<\/strong><\/a><\/p><hr \/><p><span style=\"color: #008000;\"><strong>Vereador Igor Martins Dias<\/strong><\/span><br \/>\u2013 A\u00e7\u00f5es de servi\u00e7os p\u00fablicos de sa\u00fade: compra de computadores, notebooks, servi\u00e7o de pintura e pequenos reparos para a unidade de sa\u00fade do Distrito de S\u00e3o Vicente \u2013 <strong>R$ 26.754,00<\/strong>.<br \/>\u2013 Constru\u00e7\u00e3o de banheiro p\u00fablico na pra\u00e7a central do Distrito de S\u00e3o Vicente \u2013 <strong>R$ 26.754,00<\/strong>.<br \/><a href=\"https:\/\/baldim.mg.gov.br\/wsite\/wp-content\/uploads\/2026\/04\/Emendas-Impositivas2-igor.pdf\"><strong>[Baixar Emenda Impositiva \u2013 PDF]<\/strong><\/a><\/p><hr \/><p><span style=\"color: #008000;\"><strong>Vereador Jo\u00e3o Ant\u00f4nio da Trindade<\/strong><\/span><br \/>\u2013 A\u00e7\u00f5es de servi\u00e7os p\u00fablicos de sa\u00fade: compra de m\u00f3veis e equipamentos para a unidade de sa\u00fade da comunidade de Botafogo \u2013 <strong>R$ 26.754,00<\/strong>.<br \/>\u2013 A\u00e7\u00f5es de servi\u00e7os p\u00fablicos de sa\u00fade: Projeto Castram\u00f3vel (castra\u00e7\u00e3o de animais do Munic\u00edpio de Baldim\/MG) \u2013 <strong>R$ 13.377,00<\/strong>.<br \/>\u2013 Apoio \u00e0 Associa\u00e7\u00e3o dos Moradores de Vargem Grande e Regi\u00e3o (AMVAGER), no Munic\u00edpio de Baldim\/MG \u2013 <strong>R$ 13.377,00<\/strong>.<br \/><a href=\"https:\/\/baldim.mg.gov.br\/wsite\/wp-content\/uploads\/2026\/04\/Emendas-Impositivas2-Joao.pdf\"><strong>[Baixar Emenda Impositiva \u2013 PDF]<\/strong><\/a><\/p><hr \/><p><span style=\"color: #008000;\"><strong>Vereador Joaquim Ferreira Sobrinho<\/strong><\/span><br \/>\u2013 A\u00e7\u00f5es de servi\u00e7os p\u00fablicos de sa\u00fade: compra de m\u00f3veis e equipamentos para a unidade de sa\u00fade de Vila Amanda \u2013 <strong>R$ 10.754,00<\/strong>.<br \/>\u2013 A\u00e7\u00f5es de servi\u00e7os p\u00fablicos de sa\u00fade: compra de m\u00f3veis e equipamentos para a unidade de sa\u00fade de Vargem Grande \u2013 <strong>R$ 10.000,00<\/strong>.<br \/>\u2013 A\u00e7\u00f5es de servi\u00e7os p\u00fablicos de sa\u00fade: compra de m\u00f3veis e equipamentos para a unidade de sa\u00fade da Cuia \u2013 <strong>R$ 6.000,00<\/strong>.<br \/>\u2013 A\u00e7\u00f5es de servi\u00e7os p\u00fablicos de sa\u00fade e esporte: desenvolvimento da pr\u00e1tica de esportes (contrata\u00e7\u00e3o de arbitragem, aquisi\u00e7\u00e3o de uniformes, bolas, garrafas t\u00e9rmicas, trof\u00e9us para campeonatos, coletes, redes e outros materiais necess\u00e1rios \u00e0 pr\u00e1tica esportiva no \u00e2mbito municipal) \u2013 <strong>R$ 26.754,00<\/strong>.<br \/><a href=\"https:\/\/baldim.mg.gov.br\/wsite\/wp-content\/uploads\/2026\/04\/Emendas-Impositivas2-joaquim.pdf\"><strong>[Baixar Emenda Impositiva \u2013 PDF]<\/strong><\/a><\/p><hr \/><p><span style=\"color: #008000;\"><strong>Vereador Leonardo Augusto Ferreira Barbosa<\/strong><\/span><\/p><p>\u2013 A\u00e7\u00f5es de servi\u00e7os p\u00fablicos de sa\u00fade: unidade de sa\u00fade do Distrito de S\u00e3o Vicente (exames laboratoriais, exames de imagem de alto custo, procedimentos e cirurgias ortop\u00e9dicas) \u2013\u00a0<strong>R$ 26.754,00<\/strong>.<br \/>\u2013 Secretaria de Cultura, Turismo, Esporte e Eventos: realiza\u00e7\u00e3o do \u201cArrai\u00e1 do Cerradinho\u201d para o ano de 2026 no Munic\u00edpio de Baldim\/MG \u2013\u00a0<strong>R$ 10.000,00<\/strong>.<br \/>\u2013 Secretaria de Esporte e Eventos: desenvolvimento da pr\u00e1tica de esportes no Munic\u00edpio de Baldim\/MG (contrata\u00e7\u00e3o de arbitragem, aquisi\u00e7\u00e3o de uniformes, bolas, garrafas t\u00e9rmicas, trof\u00e9us para campeonatos, coletes, redes e outros materiais necess\u00e1rios e essenciais \u00e0 pr\u00e1tica esportiva) \u2013\u00a0<strong>R$ 16.754,00<\/strong>.<\/p><p><a href=\"https:\/\/baldim.mg.gov.br\/wsite\/wp-content\/uploads\/2026\/04\/Emendas-Impositivas2-leo.pdf\"><strong>[Baixar Emenda Impositiva \u2013 PDF]<\/strong><\/a><\/p><hr \/><p><strong>Redistribui\u00e7\u00e3o de Emendas Impositivas \u2013 Of\u00edcio n\u00ba 60\/CMB\/2025 (Leonardo Augusto Ferreira Barbosa)<\/strong><\/p><p>\u2013\u00a0<strong>Aquisi\u00e7\u00e3o e instala\u00e7\u00e3o de caixa d\u2019\u00e1gua<\/strong>\u00a0com capacidade de 20 mil litros para aprimorar o abastecimento h\u00eddrico da comunidade de Tim\u00f3teo \u2013\u00a0<strong>R$ 15.000,00<\/strong>.<br \/>\u2013\u00a0<strong>Edifica\u00e7\u00e3o de barraca<\/strong>\u00a0no campo da Cuia, incluindo blocos, cimento, brita, areia, telhas de zinco, tijolos, laje e portas refor\u00e7adas, conforme or\u00e7amento da engenharia da Prefeitura \u2013\u00a0<strong>R$ 10.000,00<\/strong>.<br \/>\u2013\u00a0<strong>Revitaliza\u00e7\u00e3o da pra\u00e7a<\/strong>\u00a0situada entre as ruas Vitalino Augusto e Jo\u00e3o Luiz, na sede do Munic\u00edpio de Baldim (adjacente \u00e0 oficina do Nem Corr\u00eaa) \u2013\u00a0<strong>R$ 10.100,00<\/strong>.<br \/>\u2013\u00a0<strong>Aquisi\u00e7\u00e3o de bebedouro de \u00e1gua industrial<\/strong>\u00a0para o vesti\u00e1rio do campo de futebol do Botafogo \u2013\u00a0<strong>R$ 2.000,00<\/strong>.<br \/>\u2013\u00a0<strong>Aquisi\u00e7\u00e3o de bebedouro de \u00e1gua industrial<\/strong>\u00a0para o vesti\u00e1rio do campo de futebol de Mucambo \u2013\u00a0<strong>R$ 2.000,00<\/strong>.<br \/>\u2013\u00a0<strong>Aquisi\u00e7\u00e3o de bolas de futebol<\/strong>\u00a0para os times Baldim Esporte Clube e S\u00e3o Vicente Esporte Clube \u2013\u00a0<strong>R$ 900,00<\/strong>.<\/p><p><a href=\"https:\/\/baldim.mg.gov.br\/wsite\/wp-content\/uploads\/2026\/04\/OFICIO-60_20250603141912s.pdf\"><strong>[Baixar Of\u00edcio n\u00ba 60\/CMB\/2025 \u2013 PDF]<\/strong><\/a><\/p><hr \/><p><span style=\"color: #008000;\"><strong>Vereador Licanor Lopes da Silva<\/strong><\/span><br \/>\u2013 A\u00e7\u00f5es de servi\u00e7os p\u00fablicos de sa\u00fade: compra de m\u00f3veis e equipamentos para o posto de sa\u00fade da comunidade de Botafogo, no Munic\u00edpio de Baldim\/MG \u2013 <strong>R$ 26.754,00<\/strong>.<br \/>\u2013 Constru\u00e7\u00e3o de muro de arrimo (conten\u00e7\u00e3o) no campo de futebol da Comunidade de Mucambo, no Munic\u00edpio de Baldim\/MG \u2013 <strong>R$ 26.754,00<\/strong>.<br \/><a href=\"https:\/\/baldim.mg.gov.br\/wsite\/wp-content\/uploads\/2026\/04\/Emendas-Impositivas2-Licanor.pdf\"><strong>[Baixar Emenda Impositiva \u2013 PDF]<\/strong><\/a><\/p><hr \/><p><span style=\"color: #008000;\"><strong>Vereadora L\u00facia Helena da Cruz Silva<\/strong><\/span><br \/>\u2013 A\u00e7\u00f5es de servi\u00e7os p\u00fablicos de sa\u00fade: compra de m\u00f3veis para a unidade de sa\u00fade da comunidade de Vargem Grande (bebedouro, arm\u00e1rios com arquivo, impressora com wi-fi, notebooks, maca ginecol\u00f3gica, balan\u00e7a digital, cortinas, suporte para copos descart\u00e1veis, ventiladores, fog\u00e3o, geladeira, cadeiras girat\u00f3rias, bacia, bandeja, carrinho e mala para curativos, lixeiras grandes) \u2013 <strong>R$ 26.754,00<\/strong>.<br \/>\u2013 Apoio ao Lar da Boa Esperan\u00e7a \u2013 <strong>R$ 26.754,00<\/strong>.<br \/><a href=\"https:\/\/baldim.mg.gov.br\/wsite\/wp-content\/uploads\/2026\/04\/Emendas-Impositivas2-lucia.pdf\"><strong>[Baixar Emenda Impositiva \u2013 PDF]<\/strong><\/a><\/p><hr \/><p><span style=\"color: #008000;\"><strong>Vereador Marconi Ant\u00f4nio Ferreira<\/strong><\/span><br \/>\u2013 A\u00e7\u00f5es de servi\u00e7os p\u00fablicos de sa\u00fade: compra de equipamentos para o setor de odontologia do Munic\u00edpio de Baldim\/MG, incluindo fotopolimerizadores, seladoras, compressor, aparelhos de ultrassom com jato de bicarbonato, cubas ultrass\u00f4nicas, bombas a v\u00e1cuo, aparelho de raio X odontol\u00f3gico, sensor para raio X odontol\u00f3gico, aventais de chumbo, posicionadores radiogr\u00e1ficos, canetas de alta rota\u00e7\u00e3o, conjunto de canetas de baixa rota\u00e7\u00e3o (micromotor), instala\u00e7\u00e3o de cadeira odontol\u00f3gica, bebedouro, micro-ondas e ventiladores de coluna para postos de sa\u00fade do Distrito de S\u00e3o Vicente, Comunidade de Sumidouro e sede de Baldim \u2013 <strong>R$ 43.456,22<\/strong>.<br \/>\u2013 Aquisi\u00e7\u00e3o de equipamentos mobili\u00e1rios em geral para estruturar a Secretaria Municipal de Assist\u00eancia Social \u2013 <strong>R$ 10.051,78<\/strong>.<br \/><a href=\"https:\/\/baldim.mg.gov.br\/wsite\/wp-content\/uploads\/2026\/04\/emendas-marcone.pdf\"><strong>[Baixar Emenda Impositiva \u2013 PDF]<\/strong><\/a><\/p><hr \/><p><span style=\"color: #008000;\"><strong>Vereador Pedro Henrique Pereira Corr\u00eaa<\/strong><\/span><br \/>\u2013 Reforma geral da pra\u00e7a localizada na Avenida Perimetral com Rua Capit\u00e3o Pedro Rosa, no Munic\u00edpio de Baldim\/MG \u2013 <strong>R$ 26.754,00<\/strong>.<br \/>\u2013 A\u00e7\u00f5es de servi\u00e7os p\u00fablicos de sa\u00fade: Projeto Castram\u00f3vel (castra\u00e7\u00e3o de animais do Munic\u00edpio de Baldim\/MG) \u2013 <strong>R$ 13.000,00<\/strong>.<br \/>\u2013 A\u00e7\u00f5es de servi\u00e7os p\u00fablicos de sa\u00fade: realiza\u00e7\u00e3o de exames de resson\u00e2ncia magn\u00e9tica no Munic\u00edpio de Baldim\/MG \u2013 <strong>R$ 13.754,00<\/strong>.<br \/><a href=\"https:\/\/baldim.mg.gov.br\/wsite\/wp-content\/uploads\/2026\/04\/Emendas-Impositivas2-pedro.pdf\"><strong>[Baixar Emenda Impositiva \u2013 PDF]<\/strong><\/a><\/p><hr \/>\t\t\t\t\t\t<\/div>\n\t\t\t\t<\/div>\n\t\t\t\t\t<\/div>\n\t\t<\/div>\n\t\t\t\t\t\t\t<\/div>\n\t\t<\/section>\n\t\t\t\t\t\t<\/div>\n\t\t\t\t\t<\/div>\n\t\t","protected":false},"excerpt":{"rendered":"<p>\u00a0 Esta p\u00e1gina re\u00fane as emendas impositivas apresentadas pelos Vereadores de Baldim ao Projeto de Lei n\u00ba 24\/2025, que estima a receita e fixa a despesa do Munic\u00edpio para o exerc\u00edcio de<a class=\"moretag\" href=\"https:\/\/baldim.mg.gov.br\/wsite\/?page_id=6396\">leia mais<\/a><\/p>\n","protected":false},"author":2,"featured_media":0,"parent":0,"menu_order":0,"comment_status":"closed","ping_status":"closed","template":"","meta":{"footnotes":""},"class_list":["post-6396","page","type-page","status-publish","hentry"],"_links":{"self":[{"href":"https:\/\/baldim.mg.gov.br\/wsite\/index.php?rest_route=\/wp\/v2\/pages\/6396","targetHints":{"allow":["GET"]}}],"collection":[{"href":"https:\/\/baldim.mg.gov.br\/wsite\/index.php?rest_route=\/wp\/v2\/pages"}],"about":[{"href":"https:\/\/baldim.mg.gov.br\/wsite\/index.php?rest_route=\/wp\/v2\/types\/page"}],"author":[{"embeddable":true,"href":"https:\/\/baldim.mg.gov.br\/wsite\/index.php?rest_route=\/wp\/v2\/users\/2"}],"replies":[{"embeddable":true,"href":"https:\/\/baldim.mg.gov.br\/wsite\/index.php?rest_route=%2Fwp%2Fv2%2Fcomments&post=6396"}],"version-history":[{"count":67,"href":"https:\/\/baldim.mg.gov.br\/wsite\/index.php?rest_route=\/wp\/v2\/pages\/6396\/revisions"}],"predecessor-version":[{"id":6475,"href":"https:\/\/baldim.mg.gov.br\/wsite\/index.php?rest_route=\/wp\/v2\/pages\/6396\/revisions\/6475"}],"wp:attachment":[{"href":"https:\/\/baldim.mg.gov.br\/wsite\/index.php?rest_route=%2Fwp%2Fv2%2Fmedia&parent=6396"}],"curies":[{"name":"wp","href":"https:\/\/api.w.org\/{rel}","templated":true}]}}