{"id":593,"date":"2025-05-25T09:53:57","date_gmt":"2025-05-25T09:53:57","guid":{"rendered":"https:\/\/baldim.mg.gov.br\/wsite\/?page_id=593"},"modified":"2025-06-04T14:23:50","modified_gmt":"2025-06-04T14:23:50","slug":"historia","status":"publish","type":"page","link":"https:\/\/baldim.mg.gov.br\/wsite\/?page_id=593","title":{"rendered":"HIST\u00d3RIA"},"content":{"rendered":"<h3 class=\"sppb-addon-title\">Bem-vindo a Baldim!<\/h3>\n<div class=\"sppb-addon-content\">\n<p>A cidade de Baldim foi fundada gra\u00e7as ao esfor\u00e7o, tenacidade e firme vontade de um homem, Bernadinho Martins de Almeida, mascate de origem portuguesa que se fixou na regi\u00e3o por ter contra\u00eddo n\u00fapcias com pessoas residentes nas terras que fazem parte do Munic\u00edpio.<\/p>\n<p>Foi este portugu\u00eas que, enriquecido, edificou \u00e0s expensas pr\u00f3prias a Igreja que hoje \u00e9 a Matriz da cidade, doando para isto 18 alqueires de terra. A constru\u00e7\u00e3o do referido templo iniciou-se em 1853.<\/p>\n<p>Com isto come\u00e7aram a surgir as primeiras habita\u00e7\u00f5es e algumas tavernas. Com o passar dos tempos, a constante movimenta\u00e7\u00e3o de tropas e passageiros, a salubridade do clima, a beleza de paisagem, contribu\u00edram para o \u00eaxito do ideal de Capit\u00e3o Bernadino, que, vindo a falecer em 1860, n\u00e3o assistiu \u00e0 sua concretiza\u00e7\u00e3o, o que s\u00f3 ocorreu em 1873.<\/p>\n<p><img loading=\"lazy\" decoding=\"async\" class=\"alignnone wp-image-624 size-large\" src=\"https:\/\/baldim.mg.gov.br\/wsite\/wp-content\/uploads\/2025\/06\/bann-1024x683.jpg\" alt=\"\" width=\"604\" height=\"403\" srcset=\"https:\/\/baldim.mg.gov.br\/wsite\/wp-content\/uploads\/2025\/06\/bann-1024x683.jpg 1024w, https:\/\/baldim.mg.gov.br\/wsite\/wp-content\/uploads\/2025\/06\/bann-300x200.jpg 300w, https:\/\/baldim.mg.gov.br\/wsite\/wp-content\/uploads\/2025\/06\/bann-768x512.jpg 768w, https:\/\/baldim.mg.gov.br\/wsite\/wp-content\/uploads\/2025\/06\/bann-1536x1024.jpg 1536w, https:\/\/baldim.mg.gov.br\/wsite\/wp-content\/uploads\/2025\/06\/bann-2048x1365.jpg 2048w\" sizes=\"auto, (max-width: 604px) 100vw, 604px\" \/><\/p>\n<\/div>\n","protected":false},"excerpt":{"rendered":"<p>Bem-vindo a Baldim! A cidade de Baldim foi fundada gra\u00e7as ao esfor\u00e7o, tenacidade e firme vontade de um homem, Bernadinho Martins de Almeida, mascate de origem portuguesa que se fixou na regi\u00e3o<a class=\"moretag\" href=\"https:\/\/baldim.mg.gov.br\/wsite\/?page_id=593\">leia mais<\/a><\/p>\n","protected":false},"author":1,"featured_media":0,"parent":0,"menu_order":0,"comment_status":"closed","ping_status":"closed","template":"","meta":{"footnotes":""},"class_list":["post-593","page","type-page","status-publish","hentry"],"_links":{"self":[{"href":"https:\/\/baldim.mg.gov.br\/wsite\/index.php?rest_route=\/wp\/v2\/pages\/593","targetHints":{"allow":["GET"]}}],"collection":[{"href":"https:\/\/baldim.mg.gov.br\/wsite\/index.php?rest_route=\/wp\/v2\/pages"}],"about":[{"href":"https:\/\/baldim.mg.gov.br\/wsite\/index.php?rest_route=\/wp\/v2\/types\/page"}],"author":[{"embeddable":true,"href":"https:\/\/baldim.mg.gov.br\/wsite\/index.php?rest_route=\/wp\/v2\/users\/1"}],"replies":[{"embeddable":true,"href":"https:\/\/baldim.mg.gov.br\/wsite\/index.php?rest_route=%2Fwp%2Fv2%2Fcomments&post=593"}],"version-history":[{"count":4,"href":"https:\/\/baldim.mg.gov.br\/wsite\/index.php?rest_route=\/wp\/v2\/pages\/593\/revisions"}],"predecessor-version":[{"id":626,"href":"https:\/\/baldim.mg.gov.br\/wsite\/index.php?rest_route=\/wp\/v2\/pages\/593\/revisions\/626"}],"wp:attachment":[{"href":"https:\/\/baldim.mg.gov.br\/wsite\/index.php?rest_route=%2Fwp%2Fv2%2Fmedia&parent=593"}],"curies":[{"name":"wp","href":"https:\/\/api.w.org\/{rel}","templated":true}]}}