{"id":4035,"date":"2025-10-09T18:13:51","date_gmt":"2025-10-09T18:13:51","guid":{"rendered":"https:\/\/baldim.mg.gov.br\/wsite\/?page_id=4035"},"modified":"2025-10-09T18:28:41","modified_gmt":"2025-10-09T18:28:41","slug":"festa-do-doce-2025","status":"publish","type":"page","link":"https:\/\/baldim.mg.gov.br\/wsite\/?page_id=4035","title":{"rendered":"Festa Do Doce 2025"},"content":{"rendered":"\t\t<div data-elementor-type=\"wp-page\" data-elementor-id=\"4035\" class=\"elementor elementor-4035\" data-elementor-settings=\"[]\">\n\t\t\t\t\t\t\t<div class=\"elementor-section-wrap\">\n\t\t\t\t\t\t\t<section class=\"elementor-section elementor-top-section elementor-element elementor-element-e9944fc elementor-section-boxed elementor-section-height-default elementor-section-height-default wpr-particle-no wpr-jarallax-no wpr-parallax-no wpr-sticky-section-no\" data-id=\"e9944fc\" data-element_type=\"section\">\n\t\t\t\t\t\t<div class=\"elementor-container elementor-column-gap-default\">\n\t\t\t\t\t<div class=\"elementor-column elementor-col-100 elementor-top-column elementor-element elementor-element-9ff2e9e\" data-id=\"9ff2e9e\" data-element_type=\"column\">\n\t\t\t<div class=\"elementor-widget-wrap\">\n\t\t\t\t\t\t\t\t\t<\/div>\n\t\t<\/div>\n\t\t\t\t\t\t\t<\/div>\n\t\t<\/section>\n\t\t\t\t<section class=\"elementor-section elementor-top-section elementor-element elementor-element-a54d6e6 elementor-section-boxed elementor-section-height-default elementor-section-height-default wpr-particle-no wpr-jarallax-no wpr-parallax-no wpr-sticky-section-no\" data-id=\"a54d6e6\" data-element_type=\"section\">\n\t\t\t\t\t\t<div class=\"elementor-container elementor-column-gap-default\">\n\t\t\t\t\t<div class=\"elementor-column elementor-col-50 elementor-top-column elementor-element elementor-element-3daf2bb\" data-id=\"3daf2bb\" data-element_type=\"column\">\n\t\t\t<div class=\"elementor-widget-wrap elementor-element-populated\">\n\t\t\t\t\t\t\t\t<div class=\"elementor-element elementor-element-a19ef85 elementor-widget elementor-widget-text-editor\" data-id=\"a19ef85\" data-element_type=\"widget\" data-widget_type=\"text-editor.default\">\n\t\t\t\t<div class=\"elementor-widget-container\">\n\t\t\t<style>\/*! elementor - v3.5.4 - 23-01-2022 *\/\n.elementor-widget-text-editor.elementor-drop-cap-view-stacked .elementor-drop-cap{background-color:#818a91;color:#fff}.elementor-widget-text-editor.elementor-drop-cap-view-framed .elementor-drop-cap{color:#818a91;border:3px solid;background-color:transparent}.elementor-widget-text-editor:not(.elementor-drop-cap-view-default) .elementor-drop-cap{margin-top:8px}.elementor-widget-text-editor:not(.elementor-drop-cap-view-default) .elementor-drop-cap-letter{width:1em;height:1em}.elementor-widget-text-editor .elementor-drop-cap{float:left;text-align:center;line-height:1;font-size:50px}.elementor-widget-text-editor .elementor-drop-cap-letter{display:inline-block}<\/style>\t\t\t\t<h2 data-start=\"251\" data-end=\"320\"><strong data-start=\"254\" data-end=\"320\">12\u00aa Festa do Doce de Baldim \u2013 A maior edi\u00e7\u00e3o da nossa hist\u00f3ria<\/strong><\/h2><p data-start=\"322\" data-end=\"638\">Realizada nos dias <strong data-start=\"341\" data-end=\"374\">29, 30 e 31 de agosto de 2025<\/strong>, a <strong data-start=\"378\" data-end=\"409\">12\u00aa Festa do Doce de Baldim<\/strong> entrou para a hist\u00f3ria como a <strong data-start=\"440\" data-end=\"469\">maior edi\u00e7\u00e3o j\u00e1 realizada<\/strong>.<br data-start=\"470\" data-end=\"473\" \/>Somente no s\u00e1bado \u00e0 noite, o p\u00fablico estimado ultrapassou <strong data-start=\"531\" data-end=\"549\">17 mil pessoas<\/strong>, em um evento que transcorreu de forma tranquila, organizada e sem maiores incidentes.<\/p><p data-start=\"640\" data-end=\"996\">Durante os tr\u00eas dias de festa, Baldim recebeu visitantes de toda a regi\u00e3o para celebrar o sabor, a cultura e a tradi\u00e7\u00e3o que tornam o munic\u00edpio refer\u00eancia em hospitalidade e gastronomia.<br data-start=\"825\" data-end=\"828\" \/>Shows, apresenta\u00e7\u00f5es culturais, artesanato, comidas t\u00edpicas e, claro, os famosos doces de Baldim marcaram uma programa\u00e7\u00e3o diversificada que agradou a todas as idades.<\/p><p data-start=\"998\" data-end=\"1210\">A cada edi\u00e7\u00e3o, a Festa do Doce reafirma seu papel como o maior evento cultural do munic\u00edpio \u2014 fortalecendo a economia local, promovendo o turismo e valorizando o trabalho das doceiras e artistas da nossa terra.<\/p><p data-start=\"1212\" data-end=\"1266\">Confira abaixo as galerias de fotos com os melhores momentos:<\/p><p>\u00a0<\/p>\t\t\t\t\t\t<\/div>\n\t\t\t\t<\/div>\n\t\t\t\t\t<\/div>\n\t\t<\/div>\n\t\t\t\t<div class=\"elementor-column elementor-col-50 elementor-top-column elementor-element elementor-element-e553451\" data-id=\"e553451\" data-element_type=\"column\">\n\t\t\t<div class=\"elementor-widget-wrap elementor-element-populated\">\n\t\t\t\t\t\t\t\t<div class=\"elementor-element elementor-element-772c4b2 elementor-widget elementor-widget-html\" data-id=\"772c4b2\" data-element_type=\"widget\" data-widget_type=\"html.default\">\n\t\t\t\t<div class=\"elementor-widget-container\">\n\t\t\t\r\n\r\n<div style=\"width:100%;max-width:540px;margin:40px auto;\">\r\n  <iframe loading=\"lazy\" \r\n    src=\"https:\/\/www.instagram.com\/p\/DOE_NdVCbaL\/embed\" \r\n    width=\"100%\" \r\n    height=\"640\" \r\n    frameborder=\"0\" \r\n    scrolling=\"no\" \r\n    allowtransparency=\"true\">\r\n  <\/iframe>\r\n<\/div>\r\n\r\n\r\n\t\t<\/div>\n\t\t\t\t<\/div>\n\t\t\t\t\t<\/div>\n\t\t<\/div>\n\t\t\t\t\t\t\t<\/div>\n\t\t<\/section>\n\t\t\t\t<section class=\"elementor-section elementor-top-section elementor-element elementor-element-eaaf258 elementor-section-boxed elementor-section-height-default elementor-section-height-default wpr-particle-no wpr-jarallax-no wpr-parallax-no wpr-sticky-section-no\" data-id=\"eaaf258\" data-element_type=\"section\">\n\t\t\t\t\t\t<div class=\"elementor-container elementor-column-gap-default\">\n\t\t\t\t\t<div class=\"elementor-column elementor-col-33 elementor-top-column elementor-element elementor-element-f6f9391\" data-id=\"f6f9391\" data-element_type=\"column\">\n\t\t\t<div class=\"elementor-widget-wrap elementor-element-populated\">\n\t\t\t\t\t\t\t\t<div class=\"elementor-element elementor-element-a50c945 elementor-widget elementor-widget-image\" data-id=\"a50c945\" data-element_type=\"widget\" data-widget_type=\"image.default\">\n\t\t\t\t<div class=\"elementor-widget-container\">\n\t\t\t<style>\/*! elementor - v3.5.4 - 23-01-2022 *\/\n.elementor-widget-image{text-align:center}.elementor-widget-image a{display:inline-block}.elementor-widget-image a img[src$=\".svg\"]{width:48px}.elementor-widget-image img{vertical-align:middle;display:inline-block}<\/style>\t\t\t\t\t\t\t\t\t\t\t\t<img decoding=\"async\" src=\"https:\/\/baldim.mg.gov.br\/wsite\/wp-content\/uploads\/elementor\/thumbs\/1V9A1718-scaled-rcyrbxqr7fg1b3qxlzd38zzpq8hdwlw0ub6qr7h8dc.jpg\" title=\"1V9A1718\" alt=\"1V9A1718\" \/>\t\t\t\t\t\t\t\t\t\t\t\t\t\t\t<\/div>\n\t\t\t\t<\/div>\n\t\t\t\t<div class=\"elementor-element elementor-element-9f4ee34 elementor-align-center elementor-widget elementor-widget-button\" data-id=\"9f4ee34\" data-element_type=\"widget\" data-widget_type=\"button.default\">\n\t\t\t\t<div class=\"elementor-widget-container\">\n\t\t\t\t\t<div class=\"elementor-button-wrapper\">\n\t\t\t<a href=\"https:\/\/photos.app.goo.gl\/AdSHwPJUZvSs5Yzg6\" class=\"elementor-button-link elementor-button elementor-size-sm\" role=\"button\">\n\t\t\t\t\t\t<span class=\"elementor-button-content-wrapper\">\n\t\t\t\t\t\t<span class=\"elementor-button-text\">Fotos \/ Sexta 29\/08\/2025 - Clique aqui<\/span>\n\t\t<\/span>\n\t\t\t\t\t<\/a>\n\t\t<\/div>\n\t\t\t\t<\/div>\n\t\t\t\t<\/div>\n\t\t\t\t\t<\/div>\n\t\t<\/div>\n\t\t\t\t<div class=\"elementor-column elementor-col-33 elementor-top-column elementor-element elementor-element-af58409\" data-id=\"af58409\" data-element_type=\"column\">\n\t\t\t<div class=\"elementor-widget-wrap elementor-element-populated\">\n\t\t\t\t\t\t\t\t<div class=\"elementor-element elementor-element-db7f9e8 elementor-widget elementor-widget-image\" data-id=\"db7f9e8\" data-element_type=\"widget\" data-widget_type=\"image.default\">\n\t\t\t\t<div class=\"elementor-widget-container\">\n\t\t\t\t\t\t\t\t\t\t\t\t\t\t\t<img loading=\"lazy\" decoding=\"async\" width=\"300\" height=\"200\" src=\"https:\/\/baldim.mg.gov.br\/wsite\/wp-content\/uploads\/2025\/10\/Festa-do-Doce-2025-Sab-H-191-300x200.jpg\" class=\"attachment-medium size-medium\" alt=\"\" srcset=\"https:\/\/baldim.mg.gov.br\/wsite\/wp-content\/uploads\/2025\/10\/Festa-do-Doce-2025-Sab-H-191-300x200.jpg 300w, https:\/\/baldim.mg.gov.br\/wsite\/wp-content\/uploads\/2025\/10\/Festa-do-Doce-2025-Sab-H-191-1024x683.jpg 1024w, https:\/\/baldim.mg.gov.br\/wsite\/wp-content\/uploads\/2025\/10\/Festa-do-Doce-2025-Sab-H-191-768x512.jpg 768w, https:\/\/baldim.mg.gov.br\/wsite\/wp-content\/uploads\/2025\/10\/Festa-do-Doce-2025-Sab-H-191-1536x1024.jpg 1536w, https:\/\/baldim.mg.gov.br\/wsite\/wp-content\/uploads\/2025\/10\/Festa-do-Doce-2025-Sab-H-191-2048x1366.jpg 2048w\" sizes=\"auto, (max-width: 300px) 100vw, 300px\" \/>\t\t\t\t\t\t\t\t\t\t\t\t\t\t\t<\/div>\n\t\t\t\t<\/div>\n\t\t\t\t<div class=\"elementor-element elementor-element-018e44d elementor-align-center elementor-widget elementor-widget-button\" data-id=\"018e44d\" data-element_type=\"widget\" data-widget_type=\"button.default\">\n\t\t\t\t<div class=\"elementor-widget-container\">\n\t\t\t\t\t<div class=\"elementor-button-wrapper\">\n\t\t\t<a href=\"https:\/\/photos.app.goo.gl\/5bR3Pd5ZzuqsW2Y38\" class=\"elementor-button-link elementor-button elementor-size-sm\" role=\"button\">\n\t\t\t\t\t\t<span class=\"elementor-button-content-wrapper\">\n\t\t\t\t\t\t<span class=\"elementor-button-text\">Fotos \/ S\u00e1bado 30\/08\/2025 - Clique aqui<\/span>\n\t\t<\/span>\n\t\t\t\t\t<\/a>\n\t\t<\/div>\n\t\t\t\t<\/div>\n\t\t\t\t<\/div>\n\t\t\t\t\t<\/div>\n\t\t<\/div>\n\t\t\t\t<div class=\"elementor-column elementor-col-33 elementor-top-column elementor-element elementor-element-53f05e1\" data-id=\"53f05e1\" data-element_type=\"column\">\n\t\t\t<div class=\"elementor-widget-wrap elementor-element-populated\">\n\t\t\t\t\t\t\t\t<div class=\"elementor-element elementor-element-6ac5f34 elementor-widget elementor-widget-image\" data-id=\"6ac5f34\" data-element_type=\"widget\" data-widget_type=\"image.default\">\n\t\t\t\t<div class=\"elementor-widget-container\">\n\t\t\t\t\t\t\t\t\t\t\t\t\t\t\t<img loading=\"lazy\" decoding=\"async\" width=\"300\" height=\"200\" src=\"https:\/\/baldim.mg.gov.br\/wsite\/wp-content\/uploads\/2025\/10\/Festa-do-Doce-2025-Dom-H-239-300x200.jpg\" class=\"attachment-medium size-medium\" alt=\"\" srcset=\"https:\/\/baldim.mg.gov.br\/wsite\/wp-content\/uploads\/2025\/10\/Festa-do-Doce-2025-Dom-H-239-300x200.jpg 300w, https:\/\/baldim.mg.gov.br\/wsite\/wp-content\/uploads\/2025\/10\/Festa-do-Doce-2025-Dom-H-239-1024x683.jpg 1024w, https:\/\/baldim.mg.gov.br\/wsite\/wp-content\/uploads\/2025\/10\/Festa-do-Doce-2025-Dom-H-239-768x512.jpg 768w, https:\/\/baldim.mg.gov.br\/wsite\/wp-content\/uploads\/2025\/10\/Festa-do-Doce-2025-Dom-H-239-1536x1024.jpg 1536w, https:\/\/baldim.mg.gov.br\/wsite\/wp-content\/uploads\/2025\/10\/Festa-do-Doce-2025-Dom-H-239-2048x1366.jpg 2048w\" sizes=\"auto, (max-width: 300px) 100vw, 300px\" \/>\t\t\t\t\t\t\t\t\t\t\t\t\t\t\t<\/div>\n\t\t\t\t<\/div>\n\t\t\t\t<div class=\"elementor-element elementor-element-f8e080d elementor-align-center elementor-widget elementor-widget-button\" data-id=\"f8e080d\" data-element_type=\"widget\" data-widget_type=\"button.default\">\n\t\t\t\t<div class=\"elementor-widget-container\">\n\t\t\t\t\t<div class=\"elementor-button-wrapper\">\n\t\t\t<a href=\"https:\/\/photos.app.goo.gl\/LQN16cVtfmDmRQgH9\" class=\"elementor-button-link elementor-button elementor-size-sm\" role=\"button\">\n\t\t\t\t\t\t<span class=\"elementor-button-content-wrapper\">\n\t\t\t\t\t\t<span class=\"elementor-button-text\">Fotos \/ Domingo 31\/08\/2025 - Clique aqui<\/span>\n\t\t<\/span>\n\t\t\t\t\t<\/a>\n\t\t<\/div>\n\t\t\t\t<\/div>\n\t\t\t\t<\/div>\n\t\t\t\t\t<\/div>\n\t\t<\/div>\n\t\t\t\t\t\t\t<\/div>\n\t\t<\/section>\n\t\t\t\t<section class=\"elementor-section elementor-top-section elementor-element elementor-element-4b196bd elementor-section-boxed elementor-section-height-default elementor-section-height-default wpr-particle-no wpr-jarallax-no wpr-parallax-no wpr-sticky-section-no\" data-id=\"4b196bd\" data-element_type=\"section\">\n\t\t\t\t\t\t<div class=\"elementor-container elementor-column-gap-default\">\n\t\t\t\t\t<div class=\"elementor-column elementor-col-100 elementor-top-column elementor-element elementor-element-aee12a6\" data-id=\"aee12a6\" data-element_type=\"column\">\n\t\t\t<div class=\"elementor-widget-wrap elementor-element-populated\">\n\t\t\t\t\t\t\t\t<div class=\"elementor-element elementor-element-c2015c3 elementor-widget elementor-widget-text-editor\" data-id=\"c2015c3\" data-element_type=\"widget\" data-widget_type=\"text-editor.default\">\n\t\t\t\t<div class=\"elementor-widget-container\">\n\t\t\t\t\t\t\t<p>A Prefeitura de Baldim agradece a todos os visitantes, expositores, artistas, equipes de apoio e servidores que contribu\u00edram para o sucesso dessa edi\u00e7\u00e3o inesquec\u00edvel. At\u00e9 a pr\u00f3xima!!<\/p>\t\t\t\t\t\t<\/div>\n\t\t\t\t<\/div>\n\t\t\t\t\t<\/div>\n\t\t<\/div>\n\t\t\t\t\t\t\t<\/div>\n\t\t<\/section>\n\t\t\t\t<section class=\"elementor-section elementor-top-section elementor-element elementor-element-1b12959 elementor-section-boxed elementor-section-height-default elementor-section-height-default wpr-particle-no wpr-jarallax-no wpr-parallax-no wpr-sticky-section-no\" data-id=\"1b12959\" data-element_type=\"section\">\n\t\t\t\t\t\t<div class=\"elementor-container elementor-column-gap-default\">\n\t\t\t\t\t<div class=\"elementor-column elementor-col-100 elementor-top-column elementor-element elementor-element-d67524f\" data-id=\"d67524f\" data-element_type=\"column\">\n\t\t\t<div class=\"elementor-widget-wrap elementor-element-populated\">\n\t\t\t\t\t\t\t\t<div class=\"elementor-element elementor-element-4e229b1 elementor-aspect-ratio-169 elementor-widget elementor-widget-video\" data-id=\"4e229b1\" data-element_type=\"widget\" data-settings=\"{&quot;youtube_url&quot;:&quot;https:\\\/\\\/youtu.be\\\/6hCgm3Co-Mw&quot;,&quot;video_type&quot;:&quot;youtube&quot;,&quot;controls&quot;:&quot;yes&quot;,&quot;aspect_ratio&quot;:&quot;169&quot;}\" data-widget_type=\"video.default\">\n\t\t\t\t<div class=\"elementor-widget-container\">\n\t\t\t<style>\/*! elementor - v3.5.4 - 23-01-2022 *\/\n.elementor-widget-video .elementor-widget-container{overflow:hidden;-webkit-transform:translateZ(0);transform:translateZ(0)}.elementor-widget-video .elementor-open-inline .elementor-custom-embed-image-overlay{position:absolute;top:0;left:0;width:100%;height:100%;-webkit-background-size:cover;background-size:cover;background-position:50%}.elementor-widget-video .elementor-custom-embed-image-overlay{cursor:pointer;text-align:center}.elementor-widget-video .elementor-custom-embed-image-overlay:hover .elementor-custom-embed-play i{opacity:1}.elementor-widget-video .elementor-custom-embed-image-overlay img{display:block;width:100%}.elementor-widget-video .e-hosted-video .elementor-video{-o-object-fit:cover;object-fit:cover}<\/style>\t\t<div class=\"elementor-wrapper elementor-fit-aspect-ratio elementor-open-inline\">\n\t\t\t<div class=\"elementor-video\"><\/div>\t\t<\/div>\n\t\t\t\t<\/div>\n\t\t\t\t<\/div>\n\t\t\t\t\t<\/div>\n\t\t<\/div>\n\t\t\t\t\t\t\t<\/div>\n\t\t<\/section>\n\t\t\t\t\t\t<\/div>\n\t\t\t\t\t<\/div>\n\t\t","protected":false},"excerpt":{"rendered":"<p>12\u00aa Festa do Doce de Baldim \u2013 A maior edi\u00e7\u00e3o da nossa hist\u00f3ria Realizada nos dias 29, 30 e 31 de agosto de 2025, a 12\u00aa Festa do Doce de Baldim entrou<a class=\"moretag\" href=\"https:\/\/baldim.mg.gov.br\/wsite\/?page_id=4035\">leia mais<\/a><\/p>\n","protected":false},"author":2,"featured_media":0,"parent":0,"menu_order":0,"comment_status":"closed","ping_status":"closed","template":"","meta":{"footnotes":""},"class_list":["post-4035","page","type-page","status-publish","hentry"],"_links":{"self":[{"href":"https:\/\/baldim.mg.gov.br\/wsite\/index.php?rest_route=\/wp\/v2\/pages\/4035","targetHints":{"allow":["GET"]}}],"collection":[{"href":"https:\/\/baldim.mg.gov.br\/wsite\/index.php?rest_route=\/wp\/v2\/pages"}],"about":[{"href":"https:\/\/baldim.mg.gov.br\/wsite\/index.php?rest_route=\/wp\/v2\/types\/page"}],"author":[{"embeddable":true,"href":"https:\/\/baldim.mg.gov.br\/wsite\/index.php?rest_route=\/wp\/v2\/users\/2"}],"replies":[{"embeddable":true,"href":"https:\/\/baldim.mg.gov.br\/wsite\/index.php?rest_route=%2Fwp%2Fv2%2Fcomments&post=4035"}],"version-history":[{"count":19,"href":"https:\/\/baldim.mg.gov.br\/wsite\/index.php?rest_route=\/wp\/v2\/pages\/4035\/revisions"}],"predecessor-version":[{"id":4059,"href":"https:\/\/baldim.mg.gov.br\/wsite\/index.php?rest_route=\/wp\/v2\/pages\/4035\/revisions\/4059"}],"wp:attachment":[{"href":"https:\/\/baldim.mg.gov.br\/wsite\/index.php?rest_route=%2Fwp%2Fv2%2Fmedia&parent=4035"}],"curies":[{"name":"wp","href":"https:\/\/api.w.org\/{rel}","templated":true}]}}