{"id":3635,"date":"2025-07-23T16:58:54","date_gmt":"2025-07-23T16:58:54","guid":{"rendered":"https:\/\/baldim.mg.gov.br\/wsite\/?page_id=3635"},"modified":"2026-01-08T18:53:35","modified_gmt":"2026-01-08T18:53:35","slug":"caminhada-e-pedal-doce","status":"publish","type":"page","link":"https:\/\/baldim.mg.gov.br\/wsite\/?page_id=3635","title":{"rendered":"Caminhada e Pedal Doce"},"content":{"rendered":"\t\t<div data-elementor-type=\"wp-page\" data-elementor-id=\"3635\" class=\"elementor elementor-3635\" data-elementor-settings=\"[]\">\n\t\t\t\t\t\t\t<div class=\"elementor-section-wrap\">\n\t\t\t\t\t\t\t<section class=\"elementor-section elementor-top-section elementor-element elementor-element-0edab52 elementor-section-boxed elementor-section-height-default elementor-section-height-default wpr-particle-no wpr-jarallax-no wpr-parallax-no wpr-sticky-section-no\" data-id=\"0edab52\" data-element_type=\"section\">\n\t\t\t\t\t\t<div class=\"elementor-container elementor-column-gap-default\">\n\t\t\t\t\t<div class=\"elementor-column elementor-col-100 elementor-top-column elementor-element elementor-element-5ad1553\" data-id=\"5ad1553\" data-element_type=\"column\">\n\t\t\t<div class=\"elementor-widget-wrap\">\n\t\t\t\t\t\t\t\t\t<\/div>\n\t\t<\/div>\n\t\t\t\t\t\t\t<\/div>\n\t\t<\/section>\n\t\t\t\t<section class=\"elementor-section elementor-top-section elementor-element elementor-element-d381baa elementor-section-boxed elementor-section-height-default elementor-section-height-default wpr-particle-no wpr-jarallax-no wpr-parallax-no wpr-sticky-section-no\" data-id=\"d381baa\" data-element_type=\"section\">\n\t\t\t\t\t\t<div class=\"elementor-container elementor-column-gap-default\">\n\t\t\t\t\t<div class=\"elementor-column elementor-col-100 elementor-top-column elementor-element elementor-element-03683e0\" data-id=\"03683e0\" data-element_type=\"column\">\n\t\t\t<div class=\"elementor-widget-wrap elementor-element-populated\">\n\t\t\t\t\t\t\t\t<div class=\"elementor-element elementor-element-37f6ffc elementor-widget elementor-widget-image\" data-id=\"37f6ffc\" data-element_type=\"widget\" data-widget_type=\"image.default\">\n\t\t\t\t<div class=\"elementor-widget-container\">\n\t\t\t<style>\/*! elementor - v3.5.4 - 23-01-2022 *\/\n.elementor-widget-image{text-align:center}.elementor-widget-image a{display:inline-block}.elementor-widget-image a img[src$=\".svg\"]{width:48px}.elementor-widget-image img{vertical-align:middle;display:inline-block}<\/style>\t\t\t\t\t\t\t\t\t\t\t\t<img loading=\"lazy\" decoding=\"async\" width=\"604\" height=\"270\" src=\"https:\/\/baldim.mg.gov.br\/wsite\/wp-content\/uploads\/2025\/07\/ped-1024x458.png\" class=\"attachment-large size-large\" alt=\"\" srcset=\"https:\/\/baldim.mg.gov.br\/wsite\/wp-content\/uploads\/2025\/07\/ped-1024x458.png 1024w, https:\/\/baldim.mg.gov.br\/wsite\/wp-content\/uploads\/2025\/07\/ped-300x134.png 300w, https:\/\/baldim.mg.gov.br\/wsite\/wp-content\/uploads\/2025\/07\/ped-768x343.png 768w, https:\/\/baldim.mg.gov.br\/wsite\/wp-content\/uploads\/2025\/07\/ped-1536x687.png 1536w, https:\/\/baldim.mg.gov.br\/wsite\/wp-content\/uploads\/2025\/07\/ped-604x270.png 604w, https:\/\/baldim.mg.gov.br\/wsite\/wp-content\/uploads\/2025\/07\/ped.png 1787w\" sizes=\"auto, (max-width: 604px) 100vw, 604px\" \/>\t\t\t\t\t\t\t\t\t\t\t\t\t\t\t<\/div>\n\t\t\t\t<\/div>\n\t\t\t\t\t<\/div>\n\t\t<\/div>\n\t\t\t\t\t\t\t<\/div>\n\t\t<\/section>\n\t\t\t\t<section class=\"elementor-section elementor-top-section elementor-element elementor-element-8d7e095 elementor-section-boxed elementor-section-height-default elementor-section-height-default wpr-particle-no wpr-jarallax-no wpr-parallax-no wpr-sticky-section-no\" data-id=\"8d7e095\" data-element_type=\"section\">\n\t\t\t\t\t\t<div class=\"elementor-container elementor-column-gap-default\">\n\t\t\t\t\t<div class=\"elementor-column elementor-col-100 elementor-top-column elementor-element elementor-element-ba88b9f\" data-id=\"ba88b9f\" data-element_type=\"column\">\n\t\t\t<div class=\"elementor-widget-wrap elementor-element-populated\">\n\t\t\t\t\t\t\t\t<div class=\"elementor-element elementor-element-41c7f88 elementor-widget elementor-widget-heading\" data-id=\"41c7f88\" data-element_type=\"widget\" data-widget_type=\"heading.default\">\n\t\t\t\t<div class=\"elementor-widget-container\">\n\t\t\t<style>\/*! elementor - v3.5.4 - 23-01-2022 *\/\n.elementor-heading-title{padding:0;margin:0;line-height:1}.elementor-widget-heading .elementor-heading-title[class*=elementor-size-]>a{color:inherit;font-size:inherit;line-height:inherit}.elementor-widget-heading .elementor-heading-title.elementor-size-small{font-size:15px}.elementor-widget-heading .elementor-heading-title.elementor-size-medium{font-size:19px}.elementor-widget-heading .elementor-heading-title.elementor-size-large{font-size:29px}.elementor-widget-heading .elementor-heading-title.elementor-size-xl{font-size:39px}.elementor-widget-heading .elementor-heading-title.elementor-size-xxl{font-size:59px}<\/style><h2 class=\"elementor-heading-title elementor-size-default\">Inscri\u00e7\u00f5es encerradas!<\/h2>\t\t<\/div>\n\t\t\t\t<\/div>\n\t\t\t\t\t<\/div>\n\t\t<\/div>\n\t\t\t\t\t\t\t<\/div>\n\t\t<\/section>\n\t\t\t\t<section class=\"elementor-section elementor-top-section elementor-element elementor-element-972a2a5 elementor-section-boxed elementor-section-height-default elementor-section-height-default wpr-particle-no wpr-jarallax-no wpr-parallax-no wpr-sticky-section-no\" data-id=\"972a2a5\" data-element_type=\"section\">\n\t\t\t\t\t\t<div class=\"elementor-container elementor-column-gap-default\">\n\t\t\t\t\t<div class=\"elementor-column elementor-col-100 elementor-top-column elementor-element elementor-element-f45114b\" data-id=\"f45114b\" data-element_type=\"column\">\n\t\t\t<div class=\"elementor-widget-wrap elementor-element-populated\">\n\t\t\t\t\t\t\t\t<div class=\"elementor-element elementor-element-b502a62 elementor-widget elementor-widget-text-editor\" data-id=\"b502a62\" data-element_type=\"widget\" data-widget_type=\"text-editor.default\">\n\t\t\t\t<div class=\"elementor-widget-container\">\n\t\t\t<style>\/*! elementor - v3.5.4 - 23-01-2022 *\/\n.elementor-widget-text-editor.elementor-drop-cap-view-stacked .elementor-drop-cap{background-color:#818a91;color:#fff}.elementor-widget-text-editor.elementor-drop-cap-view-framed .elementor-drop-cap{color:#818a91;border:3px solid;background-color:transparent}.elementor-widget-text-editor:not(.elementor-drop-cap-view-default) .elementor-drop-cap{margin-top:8px}.elementor-widget-text-editor:not(.elementor-drop-cap-view-default) .elementor-drop-cap-letter{width:1em;height:1em}.elementor-widget-text-editor .elementor-drop-cap{float:left;text-align:center;line-height:1;font-size:50px}.elementor-widget-text-editor .elementor-drop-cap-letter{display:inline-block}<\/style>\t\t\t\t<p data-start=\"60\" data-end=\"124\"><strong data-start=\"60\" data-end=\"124\">Festa do Doce 2025 ter\u00e1 Pedal e Caminhada para agitar Baldim<\/strong><\/p>\n<p data-start=\"126\" data-end=\"360\">A Festa do Doce 2025 n\u00e3o ser\u00e1 marcada apenas pelos sabores irresist\u00edveis, mas tamb\u00e9m por momentos de esporte, sa\u00fade e divers\u00e3o para toda a fam\u00edlia. Prepare-se para dois grandes eventos que prometem movimentar Baldim com muita energia:<\/p>\n<p data-start=\"362\" data-end=\"671\">\u2705 <strong data-start=\"364\" data-end=\"403\">1\u00ba Pedal Doce \u2013 30 de agosto, \u00e0s 8h<\/strong><br data-start=\"403\" data-end=\"406\" \/>Um passeio cicl\u00edstico para quem ama aventura sobre duas rodas. Percursos entre 5 e 10 km, planejados para proporcionar lazer e contato com a natureza, reunindo ciclistas de diferentes n\u00edveis em um clima de confraterniza\u00e7\u00e3o.<br data-start=\"629\" data-end=\"632\" \/><strong data-start=\"632\" data-end=\"671\">As rotas ser\u00e3o divulgadas em breve.<\/strong><\/p>\n<p data-start=\"673\" data-end=\"957\">\u2705 <strong data-start=\"675\" data-end=\"737\">1\u00aa Caminhada e Corrida Doce \u2013 31 de agosto, \u00e0s 7h da manh\u00e3<\/strong><br data-start=\"737\" data-end=\"740\" \/>Para quem prefere caminhar ou correr, essa \u00e9 a oportunidade perfeita de se exercitar, aproveitar o ar puro e ainda curtir a Festa do Doce de uma forma diferente e saud\u00e1vel.<br data-start=\"912\" data-end=\"915\" \/><strong data-start=\"915\" data-end=\"957\">Os trajetos ser\u00e3o divulgados em breve.<\/strong><\/p>\n<p data-start=\"959\" data-end=\"1101\">Essas atividades s\u00e3o ideais para todas as idades e incentivam o bem-estar e a pr\u00e1tica esportiva em um dos eventos mais tradicionais da cidade.<\/p>\n<p data-start=\"1103\" data-end=\"1197\">\ud83d\udccd <strong data-start=\"1106\" data-end=\"1116\">Local:<\/strong> Baldim\/MG<br data-start=\"1126\" data-end=\"1129\" \/>\ud83d\udce2 <strong data-start=\"1132\" data-end=\"1197\">Inscri\u00e7\u00f5es encerradas<\/strong><\/p>\n<p data-start=\"1199\" data-end=\"1267\">No formul\u00e1rio de inscri\u00e7\u00e3o, preencha tamb\u00e9m a numera\u00e7\u00e3o do uniforme.<\/p>\n<p data-start=\"1269\" data-end=\"1394\" data-is-last-node=\"\" data-is-only-node=\"\">Ap\u00f3s se inscrever, entre em contato pelo e-mail <strong data-start=\"1317\" data-end=\"1345\"><a class=\"cursor-pointer\" rel=\"noopener\" data-start=\"1319\" data-end=\"1343\">cultura@baldim.mg.gov.br<\/a><\/strong> para confirmar sua participa\u00e7\u00e3o e tirar d\u00favidas.<\/p>\t\t\t\t\t\t<\/div>\n\t\t\t\t<\/div>\n\t\t\t\t\t<\/div>\n\t\t<\/div>\n\t\t\t\t\t\t\t<\/div>\n\t\t<\/section>\n\t\t\t\t<section class=\"elementor-section elementor-top-section elementor-element elementor-element-333d5d3 elementor-section-boxed elementor-section-height-default elementor-section-height-default wpr-particle-no wpr-jarallax-no wpr-parallax-no wpr-sticky-section-no\" data-id=\"333d5d3\" data-element_type=\"section\">\n\t\t\t\t\t\t<div class=\"elementor-container elementor-column-gap-default\">\n\t\t\t\t\t<div class=\"elementor-column elementor-col-50 elementor-top-column elementor-element elementor-element-295d9f4\" data-id=\"295d9f4\" data-element_type=\"column\">\n\t\t\t<div class=\"elementor-widget-wrap elementor-element-populated\">\n\t\t\t\t\t\t\t\t<div class=\"elementor-element elementor-element-4dadb63 elementor-align-center elementor-widget elementor-widget-button\" data-id=\"4dadb63\" data-element_type=\"widget\" data-widget_type=\"button.default\">\n\t\t\t\t<div class=\"elementor-widget-container\">\n\t\t\t\t\t<div class=\"elementor-button-wrapper\">\n\t\t\t<a href=\"\" class=\"elementor-button-link elementor-button elementor-size-sm\" role=\"button\">\n\t\t\t\t\t\t<span class=\"elementor-button-content-wrapper\">\n\t\t\t\t\t\t<span class=\"elementor-button-text\">1\u00aa Caminhada e Corrida Doce (31 de agosto)<\/span>\n\t\t<\/span>\n\t\t\t\t\t<\/a>\n\t\t<\/div>\n\t\t\t\t<\/div>\n\t\t\t\t<\/div>\n\t\t\t\t\t<\/div>\n\t\t<\/div>\n\t\t\t\t<div class=\"elementor-column elementor-col-50 elementor-top-column elementor-element elementor-element-fa079c6\" data-id=\"fa079c6\" data-element_type=\"column\">\n\t\t\t<div class=\"elementor-widget-wrap elementor-element-populated\">\n\t\t\t\t\t\t\t\t<div class=\"elementor-element elementor-element-1fb9b9c elementor-align-center elementor-widget elementor-widget-button\" data-id=\"1fb9b9c\" data-element_type=\"widget\" data-widget_type=\"button.default\">\n\t\t\t\t<div class=\"elementor-widget-container\">\n\t\t\t\t\t<div class=\"elementor-button-wrapper\">\n\t\t\t<a href=\"\" class=\"elementor-button-link elementor-button elementor-size-sm\" role=\"button\">\n\t\t\t\t\t\t<span class=\"elementor-button-content-wrapper\">\n\t\t\t\t\t\t<span class=\"elementor-button-text\">1\u00ba Pedal Doce | Festa do Doce 2025<\/span>\n\t\t<\/span>\n\t\t\t\t\t<\/a>\n\t\t<\/div>\n\t\t\t\t<\/div>\n\t\t\t\t<\/div>\n\t\t\t\t\t<\/div>\n\t\t<\/div>\n\t\t\t\t\t\t\t<\/div>\n\t\t<\/section>\n\t\t\t\t\t\t<\/div>\n\t\t\t\t\t<\/div>\n\t\t","protected":false},"excerpt":{"rendered":"<p>Inscri\u00e7\u00f5es encerradas! Festa do Doce 2025 ter\u00e1 Pedal e Caminhada para agitar Baldim A Festa do Doce 2025 n\u00e3o ser\u00e1 marcada apenas pelos sabores irresist\u00edveis, mas tamb\u00e9m por momentos de esporte, sa\u00fade<a class=\"moretag\" href=\"https:\/\/baldim.mg.gov.br\/wsite\/?page_id=3635\">leia mais<\/a><\/p>\n","protected":false},"author":2,"featured_media":0,"parent":0,"menu_order":0,"comment_status":"closed","ping_status":"closed","template":"","meta":{"footnotes":""},"class_list":["post-3635","page","type-page","status-publish","hentry"],"_links":{"self":[{"href":"https:\/\/baldim.mg.gov.br\/wsite\/index.php?rest_route=\/wp\/v2\/pages\/3635","targetHints":{"allow":["GET"]}}],"collection":[{"href":"https:\/\/baldim.mg.gov.br\/wsite\/index.php?rest_route=\/wp\/v2\/pages"}],"about":[{"href":"https:\/\/baldim.mg.gov.br\/wsite\/index.php?rest_route=\/wp\/v2\/types\/page"}],"author":[{"embeddable":true,"href":"https:\/\/baldim.mg.gov.br\/wsite\/index.php?rest_route=\/wp\/v2\/users\/2"}],"replies":[{"embeddable":true,"href":"https:\/\/baldim.mg.gov.br\/wsite\/index.php?rest_route=%2Fwp%2Fv2%2Fcomments&post=3635"}],"version-history":[{"count":47,"href":"https:\/\/baldim.mg.gov.br\/wsite\/index.php?rest_route=\/wp\/v2\/pages\/3635\/revisions"}],"predecessor-version":[{"id":4699,"href":"https:\/\/baldim.mg.gov.br\/wsite\/index.php?rest_route=\/wp\/v2\/pages\/3635\/revisions\/4699"}],"wp:attachment":[{"href":"https:\/\/baldim.mg.gov.br\/wsite\/index.php?rest_route=%2Fwp%2Fv2%2Fmedia&parent=3635"}],"curies":[{"name":"wp","href":"https:\/\/api.w.org\/{rel}","templated":true}]}}